{"id":3427,"date":"2023-10-30T20:44:36","date_gmt":"2023-10-30T20:44:36","guid":{"rendered":"http:\/\/jobsbysinter.com\/datenschutz\/"},"modified":"2024-03-07T17:11:42","modified_gmt":"2024-03-07T17:11:42","slug":"datenschutz","status":"publish","type":"page","link":"https:\/\/jobsbysinter.com\/it\/datenschutz\/","title":{"rendered":"Protezione dei dati"},"content":{"rendered":"\t\t<div data-elementor-type=\"wp-page\" data-elementor-id=\"3427\" class=\"elementor elementor-3427 elementor-1642\" data-elementor-post-type=\"page\">\n\t\t\t\t\t\t<section class=\"has_ae_slider elementor-section elementor-top-section elementor-element elementor-element-14dcb99 section_margin elementor-section-boxed elementor-section-height-default elementor-section-height-default ae-bg-gallery-type-default\" data-id=\"14dcb99\" data-element_type=\"section\" data-e-type=\"section\">\n\t\t\t\t\t\t<div class=\"elementor-container elementor-column-gap-default\">\n\t\t\t\t\t<div class=\"has_ae_slider elementor-column elementor-col-100 elementor-top-column elementor-element elementor-element-c6946bf ae-bg-gallery-type-default\" data-id=\"c6946bf\" data-element_type=\"column\" data-e-type=\"column\">\n\t\t\t<div class=\"elementor-widget-wrap elementor-element-populated\">\n\t\t\t\t\t\t<div class=\"elementor-element elementor-element-908ef28 elementor-widget-divider--separator-type-pattern elementor-widget-divider--view-line elementor-invisible elementor-widget elementor-widget-divider\" data-id=\"908ef28\" data-element_type=\"widget\" data-e-type=\"widget\" data-settings=\"{&quot;_animation&quot;:&quot;fadeInUp&quot;}\" data-widget_type=\"divider.default\">\n\t\t\t\t<div class=\"elementor-widget-container\">\n\t\t\t\t\t\t\t<div class=\"elementor-divider\" style=\"--divider-pattern-url: url(&quot;data:image\/svg+xml,%3Csvg xmlns=&#039;http:\/\/www.w3.org\/2000\/svg&#039; preserveAspectRatio=&#039;none&#039; overflow=&#039;visible&#039; height=&#039;100%&#039; viewBox=&#039;0 0 24 24&#039; fill=&#039;none&#039; stroke=&#039;black&#039; stroke-width=&#039;5&#039; stroke-linecap=&#039;square&#039; stroke-miterlimit=&#039;10&#039;%3E%3Cpolyline points=&#039;0,18 12,6 24,18 &#039;\/%3E%3C\/svg%3E&quot;);\">\n\t\t\t<span class=\"elementor-divider-separator\">\n\t\t\t\t\t\t<\/span>\n\t\t<\/div>\n\t\t\t\t\t\t<\/div>\n\t\t\t\t<\/div>\n\t\t\t\t<div class=\"elementor-element elementor-element-5a3e92e elementor-invisible elementor-widget elementor-widget-heading\" data-id=\"5a3e92e\" data-element_type=\"widget\" data-e-type=\"widget\" data-settings=\"{&quot;_animation&quot;:&quot;fadeInUp&quot;,&quot;_animation_delay&quot;:100}\" data-widget_type=\"heading.default\">\n\t\t\t\t<div class=\"elementor-widget-container\">\n\t\t\t\t\t<h2 class=\"elementor-heading-title elementor-size-default\">Protezione dei dati<\/h2>\t\t\t\t<\/div>\n\t\t\t\t<\/div>\n\t\t\t\t<div class=\"elementor-element elementor-element-49d07dd elementor-widget elementor-widget-text-editor\" data-id=\"49d07dd\" data-element_type=\"widget\" data-e-type=\"widget\" data-widget_type=\"text-editor.default\">\n\t\t\t\t<div class=\"elementor-widget-container\">\n\t\t\t\t\t\t\t\t\t<p>Gentili visitatori,<\/p>\n<p>con la presente desideriamo informarvi che, nel corso della consultazione di questo sito web, vengono trattati dati personali di persone identificate o identificabili. A tal proposito, desideriamo fornirvi le seguenti informazioni ai sensi dell&#8217;articolo 13 del Regolamento generale sulla protezione dei dati dell&#8217;Unione Europea (Regolamento UE 2016\/679), che non si applicano anche agli altri siti web esterni collegati dall&#8217;utente tramite i link presenti sulla nostra pagina.<\/p>\n<p>Proseguendo nella navigazione sul nostro sito o usufruendo dei servizi presenti nelle diverse sezioni del sito (compilazione di moduli per la raccolta di informazioni&#8230;), prendete atto di queste informazioni generali sulla gestione dei dati e delle informazioni specifiche, nonch\u00e9 del trattamento dei dati personali per altri scopi specifici, e ci concedete il vostro consenso. Si prega di notare che tale consenso \u00e8 valido solo se concesso da una persona maggiorenne o da un minorenne oltre i 14 anni (art. 2 \u2013 quinques D.lgs. 196\/2003).<\/p>\n\t\t\t\t\t\t\t\t<\/div>\n\t\t\t\t<\/div>\n\t\t\t\t<div class=\"elementor-element elementor-element-3e47006 elementor-invisible elementor-widget elementor-widget-heading\" data-id=\"3e47006\" data-element_type=\"widget\" data-e-type=\"widget\" data-settings=\"{&quot;_animation&quot;:&quot;fadeInUp&quot;,&quot;_animation_delay&quot;:100}\" data-widget_type=\"heading.default\">\n\t\t\t\t<div class=\"elementor-widget-container\">\n\t\t\t\t\t<h2 class=\"elementor-heading-title elementor-size-default\">TITOLARE DEL TRATTAMENTO <\/h2>\t\t\t\t<\/div>\n\t\t\t\t<\/div>\n\t\t\t\t<div class=\"elementor-element elementor-element-c0d7096 elementor-widget elementor-widget-text-editor\" data-id=\"c0d7096\" data-element_type=\"widget\" data-e-type=\"widget\" data-widget_type=\"text-editor.default\">\n\t\t\t\t<div class=\"elementor-widget-container\">\n\t\t\t\t\t\t\t\t\t<p>GKN Sinter Metals AG, con sede a Brunico (Italia), Via delle Fabbriche 5, P.IVA 00126210210, info.italy@gknpm.com.<\/p>\n\t\t\t\t\t\t\t\t<\/div>\n\t\t\t\t<\/div>\n\t\t\t\t<div class=\"elementor-element elementor-element-a8091c8 elementor-invisible elementor-widget elementor-widget-heading\" data-id=\"a8091c8\" data-element_type=\"widget\" data-e-type=\"widget\" data-settings=\"{&quot;_animation&quot;:&quot;fadeInUp&quot;,&quot;_animation_delay&quot;:100}\" data-widget_type=\"heading.default\">\n\t\t\t\t<div class=\"elementor-widget-container\">\n\t\t\t\t\t<h2 class=\"elementor-heading-title elementor-size-default\">COORDINATORE PRIVACY <\/h2>\t\t\t\t<\/div>\n\t\t\t\t<\/div>\n\t\t\t\t<div class=\"elementor-element elementor-element-6ab80b1 elementor-widget elementor-widget-text-editor\" data-id=\"6ab80b1\" data-element_type=\"widget\" data-e-type=\"widget\" data-widget_type=\"text-editor.default\">\n\t\t\t\t<div class=\"elementor-widget-container\">\n\t\t\t\t\t\t\t\t\t<p>Michael Schwingshackl, michael.schwingshackl@gknpm.com.<\/p>\n\t\t\t\t\t\t\t\t<\/div>\n\t\t\t\t<\/div>\n\t\t\t\t<div class=\"elementor-element elementor-element-cc26404 elementor-invisible elementor-widget elementor-widget-heading\" data-id=\"cc26404\" data-element_type=\"widget\" data-e-type=\"widget\" data-settings=\"{&quot;_animation&quot;:&quot;fadeInUp&quot;,&quot;_animation_delay&quot;:100}\" data-widget_type=\"heading.default\">\n\t\t\t\t<div class=\"elementor-widget-container\">\n\t\t\t\t\t<h2 class=\"elementor-heading-title elementor-size-default\">TIPOLOGIA DEI DATI TRATTATI <\/h2>\t\t\t\t<\/div>\n\t\t\t\t<\/div>\n\t\t\t\t<div class=\"elementor-element elementor-element-8d2e885 elementor-widget elementor-widget-text-editor\" data-id=\"8d2e885\" data-element_type=\"widget\" data-e-type=\"widget\" data-widget_type=\"text-editor.default\">\n\t\t\t\t<div class=\"elementor-widget-container\">\n\t\t\t\t\t\t\t\t\t<p>Dati di navigazione I sistemi informatici e le procedure software utilizzati per il corretto funzionamento di questo sito web acquisiscono, durante il loro normale esercizio, alcuni dati personali la cui trasmissione \u00e8 implicita nell&#8217;uso dei protocolli di comunicazione su Internet.<br \/>\nLe informazioni non sono raccolte per essere associate a persone identificate, ma per la loro natura potrebbero, attraverso elaborazioni e abbinamenti con dati di terze parti, consentire l&#8217;identificazione degli utenti. Questa categoria di dati include, ad esempio, gli indirizzi IP o i nomi di dominio dei computer e degli strumenti utilizzati dagli utenti per accedere al sito, gli indirizzi URI (Uniform Resource Identifier) delle risorse richieste, l&#8217;orario della richiesta, il metodo utilizzato per sottoporre la richiesta al server, la dimensione del file ottenuto in risposta, il codice numerico indicante lo stato della risposta data dal server (successo, errore, ecc.) e altri parametri relativi al sistema operativo e all&#8217;ambiente informatico dell&#8217;utente.<br \/>\nQuesti dati vengono utilizzati solo per raccogliere informazioni statistiche anonime sull&#8217;uso del sito, per controllarne il corretto funzionamento, e vengono cancellati immediatamente dopo l&#8217;elaborazione.<\/p>\n\t\t\t\t\t\t\t\t<\/div>\n\t\t\t\t<\/div>\n\t\t\t\t<div class=\"elementor-element elementor-element-a2b1194 elementor-invisible elementor-widget elementor-widget-heading\" data-id=\"a2b1194\" data-element_type=\"widget\" data-e-type=\"widget\" data-settings=\"{&quot;_animation&quot;:&quot;fadeInUp&quot;,&quot;_animation_delay&quot;:100}\" data-widget_type=\"heading.default\">\n\t\t\t\t<div class=\"elementor-widget-container\">\n\t\t\t\t\t<h2 class=\"elementor-heading-title elementor-size-default\">COOKIES <\/h2>\t\t\t\t<\/div>\n\t\t\t\t<\/div>\n\t\t\t\t<div class=\"elementor-element elementor-element-08fbb32 elementor-widget elementor-widget-text-editor\" data-id=\"08fbb32\" data-element_type=\"widget\" data-e-type=\"widget\" data-widget_type=\"text-editor.default\">\n\t\t\t\t<div class=\"elementor-widget-container\">\n\t\t\t\t\t\t\t\t\t<h3>Cookies tecnici <\/h3>\r\nIl sito utilizza, tra gli altri, &#8220;cookies tecnici&#8221;, come i cookies di navigazione o di stato di sessione, i cookies funzionali e i cookies analitici sviluppati e utilizzati dall&#8217;operatore del sito.\r\n\r\n<h3>Cookies funzionali <\/h3>\r\nVengono inoltre installati cookies funzionali essenziali per fornire i servizi richiesti esplicitamente dall&#8217;utente.\r\n\r\n<h3>Cookies analitici <\/h3>\r\nInfine, sono previsti anche cookies analitici utilizzati esclusivamente dall&#8217;operatore del sito per raccogliere informazioni in forma aggregata e anonima sulla quantit\u00e0 di utenti e sulla modalit\u00e0 di utilizzo del sito.\r\n\r\n<h3>Cookies di navigazione o di stato di sessione <\/h3>\r\nIn particolare, vengono utilizzati cookies di navigazione o di stato di sessione per consentire la normale navigazione e fruizione del sito, mirati a rendere la navigazione nel sito pi\u00f9 efficiente e migliorarla.\r\n\r\n<h3>Dati comunicati volontariamente dall&#8217;utente <\/h3>\r\n\r\nLa trasmissione esplicita e volontaria di e-mail agli indirizzi e-mail indicati su questo sito comporta la successiva acquisizione dell&#8217;indirizzo e-mail del mittente, necessaria per rispondere alle richieste, nonch\u00e9 degli eventuali altri dati personali inclusi nella comunicazione. Specifiche informative sintetiche saranno inoltre visualizzate nelle sezioni del sito dedicate a particolari servizi su richiesta. Se necessario, agli utenti sar\u00e0 chiesto di prestare il loro consenso al trattamento dei propri dati personali.\r\n\t\t\t\t\t\t\t\t<\/div>\n\t\t\t\t<\/div>\n\t\t\t\t<div class=\"elementor-element elementor-element-bcebb7c elementor-invisible elementor-widget elementor-widget-heading\" data-id=\"bcebb7c\" data-element_type=\"widget\" data-e-type=\"widget\" data-settings=\"{&quot;_animation&quot;:&quot;fadeInUp&quot;,&quot;_animation_delay&quot;:100}\" data-widget_type=\"heading.default\">\n\t\t\t\t<div class=\"elementor-widget-container\">\n\t\t\t\t\t<h2 class=\"elementor-heading-title elementor-size-default\">SCOPO DEL TRATTAMENTO DEI DATI E VOLONTARIET\u00c0 DELLA FORNITURA DEI DATI <\/h2>\t\t\t\t<\/div>\n\t\t\t\t<\/div>\n\t\t\t\t<div class=\"elementor-element elementor-element-e4ce066 elementor-widget elementor-widget-text-editor\" data-id=\"e4ce066\" data-element_type=\"widget\" data-e-type=\"widget\" data-widget_type=\"text-editor.default\">\n\t\t\t\t<div class=\"elementor-widget-container\">\n\t\t\t\t\t\t\t\t\t<p>Oltre alle informazioni sopra riportate sui dati di navigazione e sui cookies tecnici, l&#8217;utente \u00e8 libero di fornire i propri dati personali tramite la compilazione di moduli e modelli presenti sul sito per iscriversi alla newsletter o richiedere l&#8217;invio di materiale informativo o di altre comunicazioni, in generale per gli scopi indicati nelle specifiche informative. Il mancato conferimento delle informazioni richieste pu\u00f2 comportare l&#8217;impossibilit\u00e0 di erogare il servizio richiesto.<\/p>\n\t\t\t\t\t\t\t\t<\/div>\n\t\t\t\t<\/div>\n\t\t\t\t<div class=\"elementor-element elementor-element-3ca0a2a elementor-invisible elementor-widget elementor-widget-heading\" data-id=\"3ca0a2a\" data-element_type=\"widget\" data-e-type=\"widget\" data-settings=\"{&quot;_animation&quot;:&quot;fadeInUp&quot;,&quot;_animation_delay&quot;:100}\" data-widget_type=\"heading.default\">\n\t\t\t\t<div class=\"elementor-widget-container\">\n\t\t\t\t\t<h2 class=\"elementor-heading-title elementor-size-default\">MODALIT\u00c0 DI TRATTAMENTO DEI DATI <\/h2>\t\t\t\t<\/div>\n\t\t\t\t<\/div>\n\t\t\t\t<div class=\"elementor-element elementor-element-fd6182c elementor-widget elementor-widget-text-editor\" data-id=\"fd6182c\" data-element_type=\"widget\" data-e-type=\"widget\" data-widget_type=\"text-editor.default\">\n\t\t\t\t<div class=\"elementor-widget-container\">\n\t\t\t\t\t\t\t\t\t<p>La nostra impresa, in qualit\u00e0 di titolare del trattamento dei dati e, eventualmente, i responsabili esterni sopra indicati, gestiscono e archiviano i dati personali raccolti attraverso l&#8217;utilizzo del sito e delle funzioni attivate su richiesta dell&#8217;utente, utilizzando sistemi automatizzati e\/o su supporto cartaceo. Il trattamento dei dati avviene esclusivamente per il periodo necessario al raggiungimento dello scopo specifico della raccolta dei dati o alla comunicazione volontaria degli stessi da parte dell&#8217;utente. Al fine di prevenire la perdita e l&#8217;utilizzo illecito dei dati, nonch\u00e9 per proteggere da accessi non autorizzati, vengono adottate specifiche misure di sicurezza conformi all&#8217;articolo 32 del Regolamento (UE) 2016\/679. I dati sono gestiti esclusivamente da personale autorizzato dal titolare del trattamento dei dati.<\/p>\n\t\t\t\t\t\t\t\t<\/div>\n\t\t\t\t<\/div>\n\t\t\t\t<div class=\"elementor-element elementor-element-1265cf2 elementor-invisible elementor-widget elementor-widget-heading\" data-id=\"1265cf2\" data-element_type=\"widget\" data-e-type=\"widget\" data-settings=\"{&quot;_animation&quot;:&quot;fadeInUp&quot;,&quot;_animation_delay&quot;:100}\" data-widget_type=\"heading.default\">\n\t\t\t\t<div class=\"elementor-widget-container\">\n\t\t\t\t\t<h2 class=\"elementor-heading-title elementor-size-default\">PUBBLICAZIONE DI OFFERTE DI LAVORO\/CANDIDATURE ONLINE<\/h2>\t\t\t\t<\/div>\n\t\t\t\t<\/div>\n\t\t\t\t<div class=\"elementor-element elementor-element-3e0314a elementor-widget elementor-widget-text-editor\" data-id=\"3e0314a\" data-element_type=\"widget\" data-e-type=\"widget\" data-widget_type=\"text-editor.default\">\n\t\t\t\t<div class=\"elementor-widget-container\">\n\t\t\t\t\t\t\t\t\t<p>I dati della vostra candidatura saranno raccolti e trattati elettronicamente ai fini della gestione della procedura di selezione. In caso di conclusione di un contratto di lavoro a seguito della vostra candidatura, i dati trasmessi possono essere archiviati nel vostro fascicolo personale ai fini delle normali procedure organizzative e amministrative, nel rispetto delle leggi applicabili. Ai sensi dell&#8217;art. 88, comma 1, del Regolamento generale sulla protezione dei dati (GDPR), \u00e8 consentita la raccolta dei dati necessari per la costituzione del rapporto di lavoro. Qualora forniate volontariamente informazioni ulteriori rispetto a quanto necessario, ci\u00f2 avverr\u00e0 nel contesto di un consenso ai sensi dell&#8217;art. 6, comma 1, lettera a del GDPR. Nell&#8217;ambito del trattamento, i vostri dati potrebbero essere comunicati a dipendenti interni della nostra azienda e a fornitori di servizi, vincolati da contratti e tenuti alla riservatezza, che svolgono determinate attivit\u00e0 di trattamento dati. I dati trasmessi verranno cancellati automaticamente 2 anni dopo la comunicazione del rifiuto della candidatura. Ci\u00f2 non si applica se una conservazione pi\u00f9 lunga \u00e8 richiesta per motivi legali o se avete espressamente acconsentito a una conservazione pi\u00f9 lunga nel nostro database di interessati.<\/p>\n\t\t\t\t\t\t\t\t<\/div>\n\t\t\t\t<\/div>\n\t\t\t\t<div class=\"elementor-element elementor-element-3b57317 elementor-invisible elementor-widget elementor-widget-heading\" data-id=\"3b57317\" data-element_type=\"widget\" data-e-type=\"widget\" data-settings=\"{&quot;_animation&quot;:&quot;fadeInUp&quot;,&quot;_animation_delay&quot;:100}\" data-widget_type=\"heading.default\">\n\t\t\t\t<div class=\"elementor-widget-container\">\n\t\t\t\t\t<h2 class=\"elementor-heading-title elementor-size-default\">DIRITTI DEGLI INTERESSATI <\/h2>\t\t\t\t<\/div>\n\t\t\t\t<\/div>\n\t\t\t\t<div class=\"elementor-element elementor-element-37de2bc elementor-widget elementor-widget-text-editor\" data-id=\"37de2bc\" data-element_type=\"widget\" data-e-type=\"widget\" data-widget_type=\"text-editor.default\">\n\t\t\t\t<div class=\"elementor-widget-container\">\n\t\t\t\t\t\t\t\t\t<p>Gli interessati, a cui si riferiscono i dati personali, possono esercitare tutti i diritti di cui all&#8217;articolo 15, 16, 17 e 18 del Regolamento n. 679 (accesso ai dati e conferma dell&#8217;esistenza o meno di un trattamento dei propri dati personali; rettifica, cancellazione e limitazione del trattamento dei dati personali nei casi previsti).<br \/>\nL&#8217;interessato ha comunque il diritto di opporsi, per motivi legittimi, al trattamento dei propri dati personali. Le comunicazioni in merito devono essere indirizzate come segue:<br \/>\nvia e-mail all&#8217;indirizzo: info.italy@gknpm.com.<\/p>\n\t\t\t\t\t\t\t\t<\/div>\n\t\t\t\t<\/div>\n\t\t\t\t\t<\/div>\n\t\t<\/div>\n\t\t\t\t\t<\/div>\n\t\t<\/section>\n\t\t\t\t<\/div>\n\t\t","protected":false},"excerpt":{"rendered":"<p>Protezione dei dati Gentili visitatori, con la presente desideriamo informarvi che, nel corso della consultazione di questo sito web, vengono trattati dati personali di persone identificate o identificabili. A tal proposito, desideriamo fornirvi le seguenti informazioni ai sensi dell&#8217;articolo 13 del Regolamento generale sulla protezione dei dati dell&#8217;Unione Europea (Regolamento UE 2016\/679), che non si [&hellip;]<\/p>\n","protected":false},"author":2,"featured_media":0,"parent":0,"menu_order":0,"comment_status":"closed","ping_status":"closed","template":"","meta":{"_acf_changed":false,"footnotes":""},"class_list":["post-3427","page","type-page","status-publish","hentry"],"acf":[],"yoast_head":"<!-- This site is optimized with the Yoast SEO plugin v27.4 - https:\/\/yoast.com\/product\/yoast-seo-wordpress\/ -->\n<title>Protezione dei dati - Jobs bei GKN Sinter Metals<\/title>\n<meta name=\"robots\" content=\"index, follow, max-snippet:-1, max-image-preview:large, max-video-preview:-1\" \/>\n<link rel=\"canonical\" href=\"https:\/\/jobsbysinter.com\/it\/datenschutz\/\" \/>\n<meta property=\"og:locale\" content=\"it_IT\" \/>\n<meta property=\"og:type\" content=\"article\" \/>\n<meta property=\"og:title\" content=\"Protezione dei dati - Jobs bei GKN Sinter Metals\" \/>\n<meta property=\"og:description\" content=\"Protezione dei dati Gentili visitatori, con la presente desideriamo informarvi che, nel corso della consultazione di questo sito web, vengono trattati dati personali di persone identificate o identificabili. A tal proposito, desideriamo fornirvi le seguenti informazioni ai sensi dell&#8217;articolo 13 del Regolamento generale sulla protezione dei dati dell&#8217;Unione Europea (Regolamento UE 2016\/679), che non si [&hellip;]\" \/>\n<meta property=\"og:url\" content=\"https:\/\/jobsbysinter.com\/it\/datenschutz\/\" \/>\n<meta property=\"og:site_name\" content=\"Jobs bei GKN Sinter Metals\" \/>\n<meta property=\"article:modified_time\" content=\"2024-03-07T17:11:42+00:00\" \/>\n<meta name=\"twitter:card\" content=\"summary_large_image\" \/>\n<meta name=\"twitter:label1\" content=\"Tempo di lettura stimato\" \/>\n\t<meta name=\"twitter:data1\" content=\"5 minuti\" \/>\n<script type=\"application\/ld+json\" class=\"yoast-schema-graph\">{\"@context\":\"https:\\\/\\\/schema.org\",\"@graph\":[{\"@type\":\"WebPage\",\"@id\":\"https:\\\/\\\/jobsbysinter.com\\\/it\\\/datenschutz\\\/\",\"url\":\"https:\\\/\\\/jobsbysinter.com\\\/it\\\/datenschutz\\\/\",\"name\":\"Protezione dei dati - Jobs bei GKN Sinter Metals\",\"isPartOf\":{\"@id\":\"https:\\\/\\\/jobsbysinter.com\\\/it\\\/#website\"},\"datePublished\":\"2023-10-30T20:44:36+00:00\",\"dateModified\":\"2024-03-07T17:11:42+00:00\",\"breadcrumb\":{\"@id\":\"https:\\\/\\\/jobsbysinter.com\\\/it\\\/datenschutz\\\/#breadcrumb\"},\"inLanguage\":\"it-IT\",\"potentialAction\":[{\"@type\":\"ReadAction\",\"target\":[\"https:\\\/\\\/jobsbysinter.com\\\/it\\\/datenschutz\\\/\"]}]},{\"@type\":\"BreadcrumbList\",\"@id\":\"https:\\\/\\\/jobsbysinter.com\\\/it\\\/datenschutz\\\/#breadcrumb\",\"itemListElement\":[{\"@type\":\"ListItem\",\"position\":1,\"name\":\"Startseite\",\"item\":\"https:\\\/\\\/jobsbysinter.com\\\/\"},{\"@type\":\"ListItem\",\"position\":2,\"name\":\"Protezione dei dati\"}]},{\"@type\":\"WebSite\",\"@id\":\"https:\\\/\\\/jobsbysinter.com\\\/it\\\/#website\",\"url\":\"https:\\\/\\\/jobsbysinter.com\\\/it\\\/\",\"name\":\"Jobs bei GKN Sinter Metals\",\"description\":\"Offene Stellen und Arbeitspl\u00e4tze bei GKN Sinter Metals Bruneck und Sand in Taufers\",\"potentialAction\":[{\"@type\":\"SearchAction\",\"target\":{\"@type\":\"EntryPoint\",\"urlTemplate\":\"https:\\\/\\\/jobsbysinter.com\\\/it\\\/?s={search_term_string}\"},\"query-input\":{\"@type\":\"PropertyValueSpecification\",\"valueRequired\":true,\"valueName\":\"search_term_string\"}}],\"inLanguage\":\"it-IT\"}]}<\/script>\n<!-- \/ Yoast SEO plugin. -->","yoast_head_json":{"title":"Protezione dei dati - Jobs bei GKN Sinter Metals","robots":{"index":"index","follow":"follow","max-snippet":"max-snippet:-1","max-image-preview":"max-image-preview:large","max-video-preview":"max-video-preview:-1"},"canonical":"https:\/\/jobsbysinter.com\/it\/datenschutz\/","og_locale":"it_IT","og_type":"article","og_title":"Protezione dei dati - Jobs bei GKN Sinter Metals","og_description":"Protezione dei dati Gentili visitatori, con la presente desideriamo informarvi che, nel corso della consultazione di questo sito web, vengono trattati dati personali di persone identificate o identificabili. A tal proposito, desideriamo fornirvi le seguenti informazioni ai sensi dell&#8217;articolo 13 del Regolamento generale sulla protezione dei dati dell&#8217;Unione Europea (Regolamento UE 2016\/679), che non si [&hellip;]","og_url":"https:\/\/jobsbysinter.com\/it\/datenschutz\/","og_site_name":"Jobs bei GKN Sinter Metals","article_modified_time":"2024-03-07T17:11:42+00:00","twitter_card":"summary_large_image","twitter_misc":{"Tempo di lettura stimato":"5 minuti"},"schema":{"@context":"https:\/\/schema.org","@graph":[{"@type":"WebPage","@id":"https:\/\/jobsbysinter.com\/it\/datenschutz\/","url":"https:\/\/jobsbysinter.com\/it\/datenschutz\/","name":"Protezione dei dati - Jobs bei GKN Sinter Metals","isPartOf":{"@id":"https:\/\/jobsbysinter.com\/it\/#website"},"datePublished":"2023-10-30T20:44:36+00:00","dateModified":"2024-03-07T17:11:42+00:00","breadcrumb":{"@id":"https:\/\/jobsbysinter.com\/it\/datenschutz\/#breadcrumb"},"inLanguage":"it-IT","potentialAction":[{"@type":"ReadAction","target":["https:\/\/jobsbysinter.com\/it\/datenschutz\/"]}]},{"@type":"BreadcrumbList","@id":"https:\/\/jobsbysinter.com\/it\/datenschutz\/#breadcrumb","itemListElement":[{"@type":"ListItem","position":1,"name":"Startseite","item":"https:\/\/jobsbysinter.com\/"},{"@type":"ListItem","position":2,"name":"Protezione dei dati"}]},{"@type":"WebSite","@id":"https:\/\/jobsbysinter.com\/it\/#website","url":"https:\/\/jobsbysinter.com\/it\/","name":"Jobs bei GKN Sinter Metals","description":"Offene Stellen und Arbeitspl\u00e4tze bei GKN Sinter Metals Bruneck und Sand in Taufers","potentialAction":[{"@type":"SearchAction","target":{"@type":"EntryPoint","urlTemplate":"https:\/\/jobsbysinter.com\/it\/?s={search_term_string}"},"query-input":{"@type":"PropertyValueSpecification","valueRequired":true,"valueName":"search_term_string"}}],"inLanguage":"it-IT"}]}},"_links":{"self":[{"href":"https:\/\/jobsbysinter.com\/it\/wp-json\/wp\/v2\/pages\/3427","targetHints":{"allow":["GET"]}}],"collection":[{"href":"https:\/\/jobsbysinter.com\/it\/wp-json\/wp\/v2\/pages"}],"about":[{"href":"https:\/\/jobsbysinter.com\/it\/wp-json\/wp\/v2\/types\/page"}],"author":[{"embeddable":true,"href":"https:\/\/jobsbysinter.com\/it\/wp-json\/wp\/v2\/users\/2"}],"replies":[{"embeddable":true,"href":"https:\/\/jobsbysinter.com\/it\/wp-json\/wp\/v2\/comments?post=3427"}],"version-history":[{"count":2,"href":"https:\/\/jobsbysinter.com\/it\/wp-json\/wp\/v2\/pages\/3427\/revisions"}],"predecessor-version":[{"id":3864,"href":"https:\/\/jobsbysinter.com\/it\/wp-json\/wp\/v2\/pages\/3427\/revisions\/3864"}],"wp:attachment":[{"href":"https:\/\/jobsbysinter.com\/it\/wp-json\/wp\/v2\/media?parent=3427"}],"curies":[{"name":"wp","href":"https:\/\/api.w.org\/{rel}","templated":true}]}}